{"id":4340,"date":"2018-10-29T07:26:55","date_gmt":"2018-10-29T10:26:55","guid":{"rendered":"https:\/\/congresso.alames.org\/inicio-6\/"},"modified":"2026-03-17T23:44:35","modified_gmt":"2026-03-18T02:44:35","slug":"inicio-6","status":"publish","type":"page","link":"https:\/\/congresso.alames.org\/es\/","title":{"rendered":"Inicio 6"},"content":{"rendered":"<div class=\"wpb-content-wrapper\"><p>[vc_row css=&#8221;.vc_custom_1755212940243{background-color: #fdd245 !important;}&#8221;][vc_column][vc_column_text]<\/p>\n<h3 style=\"text-align: center;\">Actas del XVIII Congreso Latinoamericano de Medicina Social y Salud Colectiva<\/h3>\n<h4 style=\"text-align: center;\"><a href=\"https:\/\/congresso.alames.org\/wp-content\/uploads\/2026\/03\/Anais-V1.pdf\" target=\"_blank\" rel=\"noopener\">Comunicaci\u00f3n Oral<\/a><\/h4>\n<h4 style=\"text-align: center;\"><a href=\"https:\/\/congresso.alames.org\/wp-content\/uploads\/2026\/03\/Anais-V2.pdf\" target=\"_blank\" rel=\"noopener\">Cartel<\/a><\/h4>\n<p>[\/vc_column_text][\/vc_column][\/vc_row][vc_row][vc_column]\n        <div class=\"rs-heading style5   \">\n        \t<div class=\"title-inner\">\n\t            \n\t            <div class=\"title-img\"><img decoding=\"async\" src=\" \" \/><\/div>\n\t            <h2  style=background:url( )><span class=\"watermark\">Tema<\/span>Por la democracia, los derechos sociales y la salud: volver al camino de la determinaci\u00f3n social y la soberan\u00eda popular<\/h2>\n\t        <\/div><\/div>[\/vc_column][vc_column width=&#8221;1\/2&#8243;][vc_column_text]Este congreso es uno de los principales encuentros de salud p\u00fablica de la regi\u00f3n, se celebra cada dos a\u00f1os y se alterna entre los pa\u00edses latinoamericanos.<br \/>\nEl evento se centra en la construcci\u00f3n de sistemas de salud universales, con debates sobre la democracia, los derechos sociales y la determinaci\u00f3n social de la salud.<br \/>\nEl programa incluye conferencias, mesas tem\u00e1ticas y otros formatos de presentaci\u00f3n destinados a profundizar la colaboraci\u00f3n y compartir conocimientos.<\/p>\n<p>Con la participaci\u00f3n de diversos expertos regionales e internacionales, el congreso pretende fortalecer las redes de colaboraci\u00f3n, ampliar el debate acad\u00e9mico y apoyar la construcci\u00f3n de pol\u00edticas p\u00fablicas eficaces.<br \/>\nSe apuesta por una amplia participaci\u00f3n de acad\u00e9micos, profesionales, sociedad civil organizada, estudiantes y gestores sanitarios de diferentes pa\u00edses de Am\u00e9rica Latina.[\/vc_column_text][vc_column_text]<a class=\"readon\" href=\"https:\/\/congresso.alames.org\/es\/por-la-democracia-los-derechos-sociales-y-la-salud-retomar-el-camino-de-la-determinacion-social-y-la-soberania-de-los-pueblos\/\">Leer m\u00e1s<\/a>[\/vc_column_text][\/vc_column][vc_column width=&#8221;1\/2&#8243;][vc_single_image image=&#8221;4297&#8243; img_size=&#8221;large&#8221;][\/vc_column][\/vc_row][vc_row full_width=&#8221;stretch_row_content_no_spaces&#8221; css=&#8221;.vc_custom_1773801706097{background-color: #fdd245 !important;}&#8221;][vc_column][vc_column_text]<\/p>\n<h3 style=\"text-align: center;\"><a href=\"https:\/\/congresso.alames.org\/es\/como-acceder-a-mis-certificados\/\">\u00bfC\u00f3mo acceder a mis certificados?<\/a><\/h3>\n<p>[\/vc_column_text][\/vc_column][\/vc_row][vc_row full_width=&#8221;stretch_row&#8221; css=&#8221;.vc_custom_1755130579902{padding-top: 7px !important;padding-bottom: 8px !important;background-color: #04047d !important;background-position: center !important;background-repeat: no-repeat !important;background-size: cover !important;}&#8221; el_class=&#8221;home-counter&#8221;][vc_column width=&#8221;1\/5&#8243;]\n\t<div class=\"counter-top-area   \" >\n    <div class=\"rs-counter-list\">\n\t\t<div class=\"count-icon\"><i class=\"fas fa-users\" style=\"color: #ffffff\"><\/i><\/div>\n        <div class=\"count-text\"><div class=\"count-number\" style=\"color: #2b93ea\"><h3 class=\"rs-counter\" style=\"color: #2b93ea\">2566<\/h3><\/div>         \n        <h4 style=\"color: #ffffff\">Congresistas<\/h4><\/div>\n    <\/div><\/div>[\/vc_column][vc_column width=&#8221;1\/5&#8243;]\n\t<div class=\"counter-top-area   \" >\n    <div class=\"rs-counter-list\">\n\t\t<div class=\"count-icon\"><i class=\"fas fa-window-restore\" style=\"color: #ffffff\"><\/i><\/div>\n        <div class=\"count-text\"><div class=\"count-number\" style=\"color: #fe2260\"><h3 class=\"rs-counter\" style=\"color: #fe2260\">1322<\/h3><\/div>         \n        <h4 style=\"color: #ffffff\">Trabajos<\/h4><\/div>\n    <\/div><\/div>[\/vc_column][vc_column width=&#8221;1\/5&#8243;]\n\t<div class=\"counter-top-area   \" >\n    <div class=\"rs-counter-list\">\n\t\t<div class=\"count-icon\"><i class=\"fas fa-sticky-note\" style=\"color: #ffffff\"><\/i><\/div>\n        <div class=\"count-text\"><div class=\"count-number\" style=\"color: #fdd245\"><h3 class=\"rs-counter\" style=\"color: #fdd245\">912<\/h3><\/div>         \n        <h4 style=\"color: #ffffff\">Carteles<\/h4><\/div>\n    <\/div><\/div>[\/vc_column][vc_column width=&#8221;1\/5&#8243;]\n\t<div class=\"counter-top-area   \" >\n    <div class=\"rs-counter-list\">\n\t\t<div class=\"count-icon\"><i class=\"fas fa-bullhorn\" style=\"color: #ffffff\"><\/i><\/div>\n        <div class=\"count-text\"><div class=\"count-number\" style=\"color: #46c1a4\"><h3 class=\"rs-counter\" style=\"color: #46c1a4\">68<\/h3><\/div>         \n        <h4 style=\"color: #ffffff\">Comunicaciones orales<\/h4><\/div>\n    <\/div><\/div>[\/vc_column][vc_column width=&#8221;1\/5&#8243;]\n\t<div class=\"counter-top-area   \" >\n    <div class=\"rs-counter-list\">\n\t\t<div class=\"count-icon\"><i class=\"fas fa-comments\" style=\"color: #ffffff\"><\/i><\/div>\n        <div class=\"count-text\"><div class=\"count-number\" style=\"color: #dd9933\"><h3 class=\"rs-counter\" style=\"color: #dd9933\">21<\/h3><\/div>         \n        <h4 style=\"color: #ffffff\">Mesas tem\u00e1ticas<\/h4><\/div>\n    <\/div><\/div>[\/vc_column][\/vc_row][vc_row][vc_column][vc_empty_space height=&#8221;100&#8243;]\n        <div class=\"rs-heading    center\">\n        \t<div class=\"title-inner\">\n\t            \n\t            <div class=\"title-img\"><img decoding=\"async\" src=\" \" \/><\/div>\n\t            <h2  style=background:url( )><span class=\"watermark\">Carta do Rio<\/span>Carta do Rio de Janeiro<\/h2>\n\t        <\/div><\/div>[vc_column_text]<\/p>\n<p style=\"text-align: center;\"><strong>DECLARACI\u00d3N FINAL DEL XVIII CONGRESO LATINOAMERICANO DE MEDICINA SOCIAL Y SALUD COLECTIVA<\/strong><\/p>\n<p>&nbsp;<\/p>\n<p>En este a\u00f1o 2025 se celebran 40 a\u00f1os de la creaci\u00f3n de la Asociaci\u00f3n Latinoamericana de Medicina Social \u2013 ALAMES. Fundada en la ciudad de Ouro Preto, en el estado de Minas Gerais \u2013 Brasil, la Alames fue un hito en la formulaci\u00f3n y difusi\u00f3n del pensamiento cr\u00edtico en salud. A partir de la noci\u00f3n de determinaci\u00f3n social de la salud, el pensamiento cr\u00edtico retir\u00f3 la salud de su concepci\u00f3n estrictamente biom\u00e9dica para reconocerla como un proceso vinculado a las condiciones sociales y al desarrollo hist\u00f3rico y pol\u00edtico de nuestras sociedades. El pensamiento cr\u00edtico en salud se difundi\u00f3 en la regi\u00f3n y se consolid\u00f3 en la defensa de la transformaci\u00f3n de las condiciones sociales que generan enfermedad y en la construcci\u00f3n de naciones justas e igualitarias. Ese sigue siendo el lema de la Alames.<\/p>\n<p>El XVIII Congreso Latinoamericano de Medicina Social y Salud Colectiva \u201c<em>Por democracia, derechos sociales y salud, retomando el camino de la determinaci\u00f3n social y de la soberan\u00eda de los pueblos<\/em>\u201d, realizado en la ciudad de R\u00edo de Janeiro del 05 al 08 de agosto de 2025, reuni\u00f3 a 2566 congresistas, con 1322 trabajos y 912 p\u00f3steres aprobados. Se realizaron 68 sesiones de comunicaci\u00f3n oral, 21 mesas tem\u00e1ticas, 4 grandes debates y 3 grandes conferencias.[\/vc_column_text][vc_column_text]<a class=\"readon\" href=\"https:\/\/congresso.alames.org\/es\/carta-de-rio-de-janeiro\/\">Leer m\u00e1s<\/a>[\/vc_column_text][vc_empty_space height=&#8221;50&#8243;][\/vc_column][\/vc_row][vc_row full_width=&#8221;stretch_row&#8221; css=&#8221;.vc_custom_1755130707105{background-color: #04047d !important;}&#8221;][vc_column]<div class=\"rs-video-2\"><img decoding=\"async\" src=\"https:\/\/congresso.alames.org\/wp-content\/uploads\/2025\/08\/Captura-de-tela-2025-08-13-204632.png\" alt=\"\"><a style=\"background-color:#04047d\" class=\"popup-videos\" href=\"https:\/\/congresso.alames.org\/wp-content\/uploads\/2025\/08\/Video-de-Encerramento-Vert-ALAMES-2025.mp4\" title=\"\">\n\t\t\t\t\t\t\t<i class=\"fa fa-play\"><\/i>\n\t\t\t\t\t\t<\/a>\n\t\t\t\t\t    <div class=\"video-desc\" style=\"color:#04047d\"><\/div>\n\t\t\t\t\t    <div class=\"overly-border\"><\/div>\n\t\t\t\t<\/div><style>\t\t\t\t \n\t\t\t\t \t.rs-video-2 .popup-videos::before{\n\t\t\t\t\t \tbackground-color:#04047d;\n\t\t\t\t\t}\n\t\t\t\t\t.rs-video-2 .popup-videos i:before{\n\t\t\t\t\t \tcolor:#fdd245;\n\t\t\t\t\t}\t\t\t\n\t\t\t\t\t\n\t\t\t\t <\/style>[vc_empty_space][vc_column_text el_class=&#8221;light&#8221;]<\/p>\n<h4 style=\"text-align: center;\"><a href=\"https:\/\/congresso.alames.org\/mesas-tematicas-e-conferencias\/\">Vea aqu\u00ed c\u00f3mo transcurrieron las Mesas Tem\u00e1ticas, los Grandes Debates y las Conferencias<\/a><\/h4>\n<p>[\/vc_column_text][vc_empty_space][\/vc_column][\/vc_row][vc_row][vc_column][vc_column_text]<\/p>\n<p>[\/vc_column_text]\n        <div class=\"rs-heading    center\">\n        \t<div class=\"title-inner\">\n\t            \n\t            <div class=\"title-img\"><img decoding=\"async\" src=\" \" \/><\/div>\n\t            <h2  style=background:url( )><span class=\"watermark\">prensa<\/span>Congreso en la prensa<\/h2>\n\t        <\/div><div class=\"description\"><p ><\/p>\n<p style=\"text-align: center;\">Las noticias m\u00e1s recientes sobre nuestro congreso en la prensa<\/p>\n<p><\/p><\/div><\/div>[vc_basic_grid post_type=&#8221;post&#8221; max_items=&#8221;12&#8243; style=&#8221;pagination&#8221; items_per_page=&#8221;4&#8243; element_width=&#8221;3&#8243; grid_id=&#8221;vc_gid:1773801691859-8db70107-4166-8&#8243; taxonomies=&#8221;87&#8243;][\/vc_column][\/vc_row][vc_row full_width=&#8221;stretch_row&#8221; css=&#8221;.vc_custom_1740011695104{background-color: #612ea7 !important;}&#8221;][vc_column]\n        <div class=\"rs-heading    center\">\n        \t<div class=\"title-inner\">\n\t            \n\t            <div class=\"title-img\"><img decoding=\"async\" src=\" \" \/><\/div>\n\t            <h2  style=\"color: #ffffff; background:url( )\"><span class=\"watermark\">Patroc\u00ednio<\/span>Patrocinio<\/h2>\n\t        <\/div><\/div><div class=\"rs-partner partner-center auto-hide  grid_style  \">           \n\t\t\t\t\t\t<div class=\"row \"><div class=\"single-sponsor    col-lg-3 col-md-6\">\n\t\t\t\t\t\t\t\t\t<a href=\"https:\/\/www.paho.org\/pt\/brasil\"><img decoding=\"async\" src=\"https:\/\/congresso.alames.org\/wp-content\/uploads\/2025\/07\/Opas_br-1.png\" alt=\"Opas_br\"><\/a>\n\t\t\t\t\t\t\t\t<\/div><div class=\"single-sponsor    col-lg-3 col-md-6\">\n\t\t\t\t\t\t\t\t\t<a href=\"https:\/\/www.faperj.br\/\"><img decoding=\"async\" src=\"https:\/\/congresso.alames.org\/wp-content\/uploads\/2025\/05\/faperj_br.png\" alt=\"Faperj Br\"><\/a>\n\t\t\t\t\t\t\t\t<\/div><div class=\"single-sponsor    col-lg-3 col-md-6\">\n\t\t\t\t\t\t\t\t\t<a href=\"https:\/\/www.gov.br\/capes\/pt-br\"><img decoding=\"async\" src=\"https:\/\/congresso.alames.org\/wp-content\/uploads\/2025\/02\/capes_Br.png\" alt=\"Capes_Br\"><\/a>\n\t\t\t\t\t\t\t\t<\/div><div class=\"single-sponsor  last_item  col-lg-3 col-md-6\">\n\t\t\t\t\t\t\t\t\t<a href=\"https:\/\/www.gov.br\/cnpq\/pt-br\"><img decoding=\"async\" src=\"https:\/\/congresso.alames.org\/wp-content\/uploads\/2025\/02\/cnpq_Br.png\" alt=\"Cnpq_br\"><\/a>\n\t\t\t\t\t\t\t\t<\/div><div class=\"single-sponsor   last-row col-lg-3 col-md-6\">\n\t\t\t\t\t\t\t\t\t<a href=\"https:\/\/asfoc.fiocruz.br\/\"><img decoding=\"async\" src=\"https:\/\/congresso.alames.org\/wp-content\/uploads\/2025\/07\/asfoc-br.png\" alt=\"Asfoc-br\"><\/a>\n\t\t\t\t\t\t\t\t<\/div><div class=\"single-sponsor   last-row col-lg-3 col-md-6\">\n\t\t\t\t\t\t\t\t\t<a href=\"https:\/\/ensp.fiocruz.br\/\"><img decoding=\"async\" src=\"https:\/\/congresso.alames.org\/wp-content\/uploads\/2025\/02\/ensp_br.png\" alt=\"Ensp_br\"><\/a>\n\t\t\t\t\t\t\t\t<\/div><div class=\"single-sponsor   last-row col-lg-3 col-md-6\">\n\t\t\t\t\t\t\t\t\t<a href=\"https:\/\/fiocruz.br\/\"><img decoding=\"async\" src=\"https:\/\/congresso.alames.org\/wp-content\/uploads\/2025\/07\/Fiocruz-br.png\" alt=\"Fiocruz-br\"><\/a>\n\t\t\t\t\t\t\t\t<\/div><div class=\"single-sponsor  last_item last-row col-lg-3 col-md-6\">\n\t\t\t\t\t\t\t\t\t<a href=\"https:\/\/www.gov.br\/saude\/pt-br\"><img decoding=\"async\" src=\"https:\/\/congresso.alames.org\/wp-content\/uploads\/2024\/09\/ms_br.png\" alt=\"MS Br\"><\/a>\n\t\t\t\t\t\t\t\t<\/div><\/div>\n\t\t\t<\/div>[vc_empty_space height=&#8221;50px&#8221;]\n        <div class=\"rs-heading    center\">\n        \t<div class=\"title-inner\">\n\t            \n\t            <div class=\"title-img\"><img decoding=\"async\" src=\" \" \/><\/div>\n\t            <h2  style=\"color: #ffffff; background:url( )\">Apoyo<\/h2>\n\t        <\/div><div class=\"description\"><p ><\/p>\n<div id=\"acfifjfajpekbmhmjppnmmjgmhjkildl\" class=\"acfifjfajpekbmhmjppnmmjgmhjkildl\"><\/div>\n<div id=\"acfifjfajpekbmhmjppnmmjgmhjkildl\" class=\"acfifjfajpekbmhmjppnmmjgmhjkildl\"><\/div>\n<div id=\"acfifjfajpekbmhmjppnmmjgmhjkildl\" class=\"acfifjfajpekbmhmjppnmmjgmhjkildl\"><\/div>\n<div id=\"acfifjfajpekbmhmjppnmmjgmhjkildl\" class=\"acfifjfajpekbmhmjppnmmjgmhjkildl\"><\/div>\n<p><\/p><\/div><\/div><div class=\"rs-partner partner-center auto-hide  grid_style  .single-sponsor\">           \n\t\t\t\t\t\t<div class=\"row \"><div class=\"single-sponsor   last-row col-lg-6 col-md-\">\n\t\t\t\t\t\t\t\t\t<a href=\"https:\/\/www.uerj.br\/\"><img decoding=\"async\" src=\"https:\/\/congresso.alames.org\/wp-content\/uploads\/2025\/02\/uerj75-br.png\" alt=\"UERJ Br\"><\/a>\n\t\t\t\t\t\t\t\t<\/div><div class=\"single-sponsor  last_item last-row col-lg-6 col-md-\">\n\t\t\t\t\t\t\t\t\t<a href=\"https:\/\/www.ims.uerj.br\/\"><img decoding=\"async\" src=\"https:\/\/congresso.alames.org\/wp-content\/uploads\/2024\/06\/IMS-br.png\" alt=\"IMS_br\"><\/a>\n\t\t\t\t\t\t\t\t<\/div><\/div>\n\t\t\t<\/div>[vc_empty_space height=&#8221;50px&#8221;][\/vc_column][\/vc_row][vc_row][vc_column][vc_empty_space][\/vc_column][vc_column width=&#8221;1\/2&#8243;][vc_column_text]<\/p>\n<h5 style=\"text-align: center;\">DESIGN<\/h5>\n<p>[\/vc_column_text][vc_single_image image=&#8221;4974&#8243; img_size=&#8221;200&#215;54&#8243; alignment=&#8221;center&#8221;][\/vc_column][vc_column width=&#8221;1\/2&#8243;][vc_column_text]<\/p>\n<h5 style=\"text-align: center;\">PRODUCCI\u00d3N<\/h5>\n<p>[\/vc_column_text][vc_single_image image=&#8221;5062&#8243; img_size=&#8221;277&#215;55&#8243; alignment=&#8221;center&#8221;][\/vc_column][vc_column width=&#8221;1\/2&#8243;][vc_column_text]<\/p>\n<h5 style=\"text-align: center;\">UN EVENTO<\/h5>\n<p>[\/vc_column_text][vc_single_image image=&#8221;5059&#8243; img_size=&#8221;300&#215;71&#8243; alignment=&#8221;center&#8221;][\/vc_column][vc_column width=&#8221;1\/2&#8243;][vc_column_text]<\/p>\n<h5 style=\"text-align: center;\">REALIZACI\u00d3N<\/h5>\n<p>[\/vc_column_text][vc_single_image image=&#8221;5326&#8243; img_size=&#8221;150X61&#8243; alignment=&#8221;center&#8221;][\/vc_column][\/vc_row]<\/p>\n<\/div>","protected":false},"excerpt":{"rendered":"<p>[vc_row css=&#8221;.vc_custom_1755212940243{background-color: #fdd245 !important;}&#8221;][vc_column][vc_column_text] Actas del XVIII Congreso Latinoamericano de Medicina Social y Salud Colectiva Comunicaci\u00f3n Oral Cartel [\/vc_column_text][\/vc_column][\/vc_row][vc_row][vc_column][\/vc_column][vc_column width=&#8221;1\/2&#8243;][vc_column_text]Este congreso es&#8230;<\/p>\n","protected":false},"author":1,"featured_media":0,"parent":0,"menu_order":0,"comment_status":"closed","ping_status":"closed","template":"","meta":{"_acf_changed":false,"nf_dc_page":"","footnotes":""},"class_list":["post-4340","page","type-page","status-publish","hentry"],"acf":[],"_links":{"self":[{"href":"https:\/\/congresso.alames.org\/es\/wp-json\/wp\/v2\/pages\/4340","targetHints":{"allow":["GET"]}}],"collection":[{"href":"https:\/\/congresso.alames.org\/es\/wp-json\/wp\/v2\/pages"}],"about":[{"href":"https:\/\/congresso.alames.org\/es\/wp-json\/wp\/v2\/types\/page"}],"author":[{"embeddable":true,"href":"https:\/\/congresso.alames.org\/es\/wp-json\/wp\/v2\/users\/1"}],"replies":[{"embeddable":true,"href":"https:\/\/congresso.alames.org\/es\/wp-json\/wp\/v2\/comments?post=4340"}],"version-history":[{"count":14,"href":"https:\/\/congresso.alames.org\/es\/wp-json\/wp\/v2\/pages\/4340\/revisions"}],"predecessor-version":[{"id":9736,"href":"https:\/\/congresso.alames.org\/es\/wp-json\/wp\/v2\/pages\/4340\/revisions\/9736"}],"wp:attachment":[{"href":"https:\/\/congresso.alames.org\/es\/wp-json\/wp\/v2\/media?parent=4340"}],"curies":[{"name":"wp","href":"https:\/\/api.w.org\/{rel}","templated":true}]}}